{"id":6041,"date":"2026-02-27T03:48:57","date_gmt":"2026-02-27T03:48:57","guid":{"rendered":"https:\/\/pharex.co\/?page_id=6041"},"modified":"2026-04-14T04:38:47","modified_gmt":"2026-04-14T04:38:47","slug":"nosotros","status":"publish","type":"page","link":"https:\/\/pharex.co\/en\/nosotros\/","title":{"rendered":"About Us"},"content":{"rendered":"<div data-elementor-type=\"wp-page\" data-elementor-id=\"6041\" class=\"elementor elementor-6041\">\n\t\t\t\t\t\t<section class=\"elementor-section elementor-top-section elementor-element elementor-element-002cd52 elementor-section-height-min-height elementor-section-content-middle elementor-section-boxed elementor-section-height-default elementor-section-items-middle wpr-particle-no wpr-jarallax-no wpr-parallax-no wpr-sticky-section-no wpr-equal-height-no\" data-id=\"002cd52\" data-element_type=\"section\" data-e-type=\"section\" data-settings=\"{&quot;background_background&quot;:&quot;classic&quot;,&quot;shape_divider_bottom&quot;:&quot;arrow&quot;}\">\n\t\t\t\t\t\t\t<div class=\"elementor-background-overlay\"><\/div>\n\t\t\t\t\t\t<div class=\"elementor-shape elementor-shape-bottom\" aria-hidden=\"true\" data-negative=\"false\">\n\t\t\t<svg xmlns=\"http:\/\/www.w3.org\/2000\/svg\" viewbox=\"0 0 700 10\" preserveaspectratio=\"none\">\n\t<path class=\"elementor-shape-fill\" d=\"M350,10L340,0h20L350,10z\"\/>\n<\/svg>\t\t<\/div>\n\t\t\t\t\t<div class=\"elementor-container elementor-column-gap-default\">\n\t\t\t\t\t<div class=\"elementor-column elementor-col-100 elementor-top-column elementor-element elementor-element-e7ca341\" data-id=\"e7ca341\" data-element_type=\"column\" data-e-type=\"column\">\n\t\t\t<div class=\"elementor-widget-wrap elementor-element-populated\">\n\t\t\t\t\t\t<div class=\"elementor-element elementor-element-2f8fe8d elementor-widget elementor-widget-text-editor\" data-id=\"2f8fe8d\" data-element_type=\"widget\" data-e-type=\"widget\" data-widget_type=\"text-editor.default\">\n\t\t\t\t<div class=\"elementor-widget-container\">\n\t\t\t\t\t\t\t\t\t<p><strong>\u00bfQU\u00cdENES<\/strong><\/p>\t\t\t\t\t\t\t\t<\/div>\n\t\t\t\t<\/div>\n\t\t\t\t<div class=\"elementor-element elementor-element-58fe2a1 elementor-widget elementor-widget-text-editor\" data-id=\"58fe2a1\" data-element_type=\"widget\" data-e-type=\"widget\" data-widget_type=\"text-editor.default\">\n\t\t\t\t<div class=\"elementor-widget-container\">\n\t\t\t\t\t\t\t\t\t<p>SOMOS?<\/p>\t\t\t\t\t\t\t\t<\/div>\n\t\t\t\t<\/div>\n\t\t\t\t<div class=\"elementor-element elementor-element-649e658 elementor-widget elementor-widget-heading\" data-id=\"649e658\" data-element_type=\"widget\" data-e-type=\"widget\" data-widget_type=\"heading.default\">\n\t\t\t\t<div class=\"elementor-widget-container\">\n\t\t\t\t\t<h2 class=\"elementor-heading-title elementor-size-default\">Operador de origen Colombiano<\/h2>\t\t\t\t<\/div>\n\t\t\t\t<\/div>\n\t\t\t\t\t<\/div>\n\t\t<\/div>\n\t\t\t\t\t<\/div>\n\t\t<\/section>\n\t\t\t\t<section class=\"elementor-section elementor-top-section elementor-element elementor-element-83fd3c2 elementor-section-height-min-height elementor-section-boxed elementor-section-height-default elementor-section-items-middle wpr-particle-no wpr-jarallax-no wpr-parallax-no wpr-sticky-section-no wpr-equal-height-no\" data-id=\"83fd3c2\" data-element_type=\"section\" data-e-type=\"section\" data-settings=\"{&quot;shape_divider_top&quot;:&quot;triangle&quot;,&quot;shape_divider_bottom&quot;:&quot;triangle&quot;}\">\n\t\t\t\t\t<div class=\"elementor-shape elementor-shape-top\" aria-hidden=\"true\" data-negative=\"false\">\n\t\t\t<svg xmlns=\"http:\/\/www.w3.org\/2000\/svg\" viewbox=\"0 0 1000 100\" preserveaspectratio=\"none\">\n\t<path class=\"elementor-shape-fill\" d=\"M500,98.9L0,6.1V0h1000v6.1L500,98.9z\"\/>\n<\/svg>\t\t<\/div>\n\t\t\t\t<div class=\"elementor-shape elementor-shape-bottom\" aria-hidden=\"true\" data-negative=\"false\">\n\t\t\t<svg xmlns=\"http:\/\/www.w3.org\/2000\/svg\" viewbox=\"0 0 1000 100\" preserveaspectratio=\"none\">\n\t<path class=\"elementor-shape-fill\" d=\"M500,98.9L0,6.1V0h1000v6.1L500,98.9z\"\/>\n<\/svg>\t\t<\/div>\n\t\t\t\t\t<div class=\"elementor-container elementor-column-gap-default\">\n\t\t\t\t\t<div class=\"elementor-column elementor-col-100 elementor-top-column elementor-element elementor-element-fe1271d\" data-id=\"fe1271d\" data-element_type=\"column\" data-e-type=\"column\">\n\t\t\t<div class=\"elementor-widget-wrap elementor-element-populated\">\n\t\t\t\t\t\t<div class=\"elementor-element elementor-element-24be6c9 elementor-widget elementor-widget-heading\" data-id=\"24be6c9\" data-element_type=\"widget\" data-e-type=\"widget\" data-widget_type=\"heading.default\">\n\t\t\t\t<div class=\"elementor-widget-container\">\n\t\t\t\t\t<h2 class=\"elementor-heading-title elementor-size-default\">Somos un Operador de origen Colombiano, <br>con m\u00e1s de 28 a\u00f1os de experiencia<\/h2>\t\t\t\t<\/div>\n\t\t\t\t<\/div>\n\t\t\t\t<div class=\"elementor-element elementor-element-f4db5b9 elementor-widget elementor-widget-text-editor\" data-id=\"f4db5b9\" data-element_type=\"widget\" data-e-type=\"widget\" data-widget_type=\"text-editor.default\">\n\t\t\t\t<div class=\"elementor-widget-container\">\n\t\t\t\t\t\t\t\t\t<p><strong>Especialista en sistemas integrales de log\u00edstica nacional e internacional para el sector farmac\u00e9utico, cosm\u00e9tico y afines,<\/strong> enfocados en generar tranquilidad, bienestar y satisfacci\u00f3n a nuestros clientes, fortaleciendo su cadena de valor de forma rentable, responsable, flexible y respetuosa para con la comunidad, el medio ambiente y nuestros colaboradores.<\/p>\t\t\t\t\t\t\t\t<\/div>\n\t\t\t\t<\/div>\n\t\t\t\t\t<\/div>\n\t\t<\/div>\n\t\t\t\t\t<\/div>\n\t\t<\/section>\n\t\t\t\t<section class=\"elementor-section elementor-top-section elementor-element elementor-element-c6dde81 elementor-section-boxed elementor-section-height-default elementor-section-height-default wpr-particle-no wpr-jarallax-no wpr-parallax-no wpr-sticky-section-no wpr-equal-height-no\" data-id=\"c6dde81\" data-element_type=\"section\" data-e-type=\"section\">\n\t\t\t\t\t\t\t<div class=\"elementor-background-overlay\"><\/div>\n\t\t\t\t\t\t\t<div class=\"elementor-container elementor-column-gap-default\">\n\t\t\t\t\t<div class=\"elementor-column elementor-col-100 elementor-top-column elementor-element elementor-element-26dde74\" data-id=\"26dde74\" data-element_type=\"column\" data-e-type=\"column\">\n\t\t\t<div class=\"elementor-widget-wrap elementor-element-populated\">\n\t\t\t\t\t\t<div class=\"elementor-element elementor-element-7a352e9 elementor-widget elementor-widget-spacer\" data-id=\"7a352e9\" data-element_type=\"widget\" data-e-type=\"widget\" data-widget_type=\"spacer.default\">\n\t\t\t\t<div class=\"elementor-widget-container\">\n\t\t\t\t\t\t\t<div class=\"elementor-spacer\">\n\t\t\t<div class=\"elementor-spacer-inner\"><\/div>\n\t\t<\/div>\n\t\t\t\t\t\t<\/div>\n\t\t\t\t<\/div>\n\t\t\t\t\t<\/div>\n\t\t<\/div>\n\t\t\t\t\t<\/div>\n\t\t<\/section>\n\t\t\t\t<section class=\"elementor-section elementor-top-section elementor-element elementor-element-dc61f11 elementor-section-boxed elementor-section-height-default elementor-section-height-default wpr-particle-no wpr-jarallax-no wpr-parallax-no wpr-sticky-section-no wpr-equal-height-no\" data-id=\"dc61f11\" data-element_type=\"section\" data-e-type=\"section\" data-settings=\"{&quot;background_background&quot;:&quot;classic&quot;}\">\n\t\t\t\t\t\t<div class=\"elementor-container elementor-column-gap-default\">\n\t\t\t\t\t<div class=\"elementor-column elementor-col-100 elementor-top-column elementor-element elementor-element-e1c3db2\" data-id=\"e1c3db2\" data-element_type=\"column\" data-e-type=\"column\">\n\t\t\t<div class=\"elementor-widget-wrap elementor-element-populated\">\n\t\t\t\t\t\t<div class=\"elementor-element elementor-element-55c119e elementor-widget elementor-widget-heading\" data-id=\"55c119e\" data-element_type=\"widget\" data-e-type=\"widget\" data-widget_type=\"heading.default\">\n\t\t\t\t<div class=\"elementor-widget-container\">\n\t\t\t\t\t<h2 class=\"elementor-heading-title elementor-size-default\">Our History<\/h2>\t\t\t\t<\/div>\n\t\t\t\t<\/div>\n\t\t\t\t<div class=\"elementor-element elementor-element-6f0bc1a elementor-widget elementor-widget-text-editor\" data-id=\"6f0bc1a\" data-element_type=\"widget\" data-e-type=\"widget\" data-widget_type=\"text-editor.default\">\n\t\t\t\t<div class=\"elementor-widget-container\">\n\t\t\t\t\t\t\t\t\t<p><strong>Pharex S.A hace parte de un grupo empresarial creado por el Sr. Henry Suarez Parra (QEPD)<\/strong> y que hoy se encuentra en manos de sus hijos, de este grupo hacen parte las siguientes empresas: Suiphar (representaci\u00f3n y distribuci\u00f3n de laboratorios Farmac\u00e9uticos), Colompack (desarrollo y manufactura de productos farmac\u00e9uticos), Pharex Loginter (comercio exterior, acondicionamiento y almacenamiento de productos farmac\u00e9uticos) y <strong>Pharex S.A. <\/strong><\/p>\t\t\t\t\t\t\t\t<\/div>\n\t\t\t\t<\/div>\n\t\t\t\t<div class=\"elementor-element elementor-element-d52c931 wpr-list-style-none elementor-widget elementor-widget-wpr-posts-timeline\" data-id=\"d52c931\" data-element_type=\"widget\" data-e-type=\"widget\" data-settings=\"{&quot;animation_offset&quot;:150,&quot;aos_animation_duration&quot;:600}\" data-widget_type=\"wpr-posts-timeline.default\">\n\t\t\t\t<div class=\"elementor-widget-container\">\n\t\t\t\t\t\n\t\t<div class=\"wpr-wrapper wpr-vertical wpr-one-sided-wrapper\">\n\t\t\t<div class=\"wpr-timeline-centered wpr-line wpr-one-sided-timeline\"><div class=\"wpr-middle-line\"><\/div><div class=\"wpr-timeline-fill\" data-layout=\"one-sided\"><\/div><article class=\"wpr-timeline-entry wpr-right-aligned elementor-repeater-item-f94da51\" data-item-id=\"elementor-repeater-item-f94da51\"><div class=\"wpr-timeline-entry-inner\"><div class=\"wpr-main-line-icon wpr-icon\"><\/div><div class=\"wpr-story-info-vertical wpr-data-wrap\"  data-aos=\"fade\" data-aos-left=\"\" data-aos-right=\"\" data-animation-offset=\"150\" data-animation-duration=\"600\"><div class=\"wpr-timeline-content-wrapper\"><div class=\"wpr-content-wrapper\"><div class=\"wpr-title-wrap\"><span class=\"wpr-title\">1990<\/span><\/div><div class=\"wpr-description\"><p><strong>Este grupo empresarial naci\u00f3 en 1990<\/strong> cuando en Miami (EEUU) se cre\u00f3 Suiphar Group, la cual nace como centro estrat\u00e9gico y financiero para el desarrollo del negocio farmac\u00e9utico en Am\u00e9rica Latina.<\/p><\/div><\/div><\/div><\/div>\n\t\t\t\t\t\t<\/div>\n\t\t\t\t<\/article><article class=\"wpr-timeline-entry wpr-right-aligned elementor-repeater-item-2a37755\" data-item-id=\"elementor-repeater-item-2a37755\"><div class=\"wpr-timeline-entry-inner\"><div class=\"wpr-main-line-icon wpr-icon\"><\/div><div class=\"wpr-story-info-vertical wpr-data-wrap\"  data-aos=\"fade\" data-aos-left=\"\" data-aos-right=\"\" data-animation-offset=\"150\" data-animation-duration=\"600\"><div class=\"wpr-timeline-content-wrapper\"><div class=\"wpr-content-wrapper\"><div class=\"wpr-title-wrap\"><span class=\"wpr-title\">1991<\/span><\/div><div class=\"wpr-description\"><p>A partir de 1991, <strong>Suiphar Group inicia la distribuci\u00f3n de los productos Upjohn<\/strong> (ahora Pfizer) en la Rep\u00fablica Dominicana, Bolivia y Uruguay.<\/p><\/div><\/div><\/div><\/div>\n\t\t\t\t\t\t<\/div>\n\t\t\t\t<\/article><article class=\"wpr-timeline-entry wpr-right-aligned elementor-repeater-item-dc77abf\" data-item-id=\"elementor-repeater-item-dc77abf\"><div class=\"wpr-timeline-entry-inner\"><div class=\"wpr-main-line-icon wpr-icon\"><\/div><div class=\"wpr-story-info-vertical wpr-data-wrap\"  data-aos=\"fade\" data-aos-left=\"\" data-aos-right=\"\" data-animation-offset=\"150\" data-animation-duration=\"600\"><div class=\"wpr-timeline-content-wrapper\"><div class=\"wpr-content-wrapper\"><div class=\"wpr-title-wrap\"><span class=\"wpr-title\">1992 a 1997<\/span><\/div><div class=\"wpr-description\"><p>Durante los a\u00f1os 1992 a 1997, este grupo <strong>comienza su expansi\u00f3n en la representaci\u00f3n varios laboratorios farmac\u00e9uticos<\/strong> y distribuci\u00f3n de sus productos en Rep\u00fablica Dominicana, Bolivia, Uruguay y Colombia.<\/p><\/div><\/div><\/div><\/div>\n\t\t\t\t\t\t<\/div>\n\t\t\t\t<\/article><article class=\"wpr-timeline-entry wpr-right-aligned elementor-repeater-item-528a050\" data-item-id=\"elementor-repeater-item-528a050\"><div class=\"wpr-timeline-entry-inner\"><div class=\"wpr-main-line-icon wpr-icon\"><\/div><div class=\"wpr-story-info-vertical wpr-data-wrap\"  data-aos=\"fade\" data-aos-left=\"\" data-aos-right=\"\" data-animation-offset=\"150\" data-animation-duration=\"600\"><div class=\"wpr-timeline-content-wrapper\"><div class=\"wpr-content-wrapper\"><div class=\"wpr-title-wrap\"><span class=\"wpr-title\">1998<\/span><\/div><div class=\"wpr-description\"><p><strong>En marzo de 1998 se crea Serphar Ltda, esta fue constituida para prestar los servicios de almacenamiento, distribuci\u00f3n y acondicionamiento farmac\u00e9utico para Pharmacia &amp; Upjhon.<\/strong> Al transcurrir un a\u00f1o la compa\u00f1\u00eda tiene su primer cliente con el fin de prestar el servicio de log\u00edstica integral.<\/p><\/div><\/div><\/div><\/div>\n\t\t\t\t\t\t<\/div>\n\t\t\t\t<\/article><\/div>    \n\t\t\t<\/div>\t\t\t\t<\/div>\n\t\t\t\t<\/div>\n\t\t\t\t<div class=\"elementor-element elementor-element-12af3cfe wpr-list-style-none elementor-widget elementor-widget-wpr-posts-timeline\" data-id=\"12af3cfe\" data-element_type=\"widget\" data-e-type=\"widget\" data-settings=\"{&quot;animation_offset&quot;:150,&quot;aos_animation_duration&quot;:600}\" data-widget_type=\"wpr-posts-timeline.default\">\n\t\t\t\t<div class=\"elementor-widget-container\">\n\t\t\t\t\t\n\t\t<div class=\"wpr-wrapper wpr-vertical wpr-one-sided-wrapper\">\n\t\t\t<div class=\"wpr-timeline-centered wpr-line wpr-one-sided-timeline\"><div class=\"wpr-middle-line\"><\/div><div class=\"wpr-timeline-fill\" data-layout=\"one-sided\"><\/div><article class=\"wpr-timeline-entry wpr-right-aligned elementor-repeater-item-528a050\" data-item-id=\"elementor-repeater-item-528a050\"><div class=\"wpr-timeline-entry-inner\"><div class=\"wpr-main-line-icon wpr-icon\"><\/div><div class=\"wpr-story-info-vertical wpr-data-wrap\"  data-aos=\"fade\" data-aos-left=\"\" data-aos-right=\"\" data-animation-offset=\"150\" data-animation-duration=\"600\"><div class=\"wpr-timeline-content-wrapper\"><div class=\"wpr-content-wrapper\"><div class=\"wpr-title-wrap\"><span class=\"wpr-title\">2004<\/span><\/div><div class=\"wpr-description\"><p>Para el a\u00f1o 2004, la raz\u00f3n social de Serphar Ltda cambia a Pharex Ltda, e <strong>inicia la expansi\u00f3n de la compa\u00f1\u00eda traslad\u00e1ndose a bodegas propias de 2300 metros cuadrados;<\/strong> Durante este a\u00f1o se determina especializar la compa\u00f1\u00eda en el mercado Farmac\u00e9utico Humano; En el a\u00f1o 2009 transforma la raz\u00f3n social a Pharex S.A. crecido significativamente en ventas.<\/p><\/div><\/div><\/div><\/div>\n\t\t\t\t\t\t<\/div>\n\t\t\t\t<\/article><article class=\"wpr-timeline-entry wpr-right-aligned elementor-repeater-item-dc77abf\" data-item-id=\"elementor-repeater-item-dc77abf\"><div class=\"wpr-timeline-entry-inner\"><div class=\"wpr-main-line-icon wpr-icon\"><\/div><div class=\"wpr-story-info-vertical wpr-data-wrap\"  data-aos=\"fade\" data-aos-left=\"\" data-aos-right=\"\" data-animation-offset=\"150\" data-animation-duration=\"600\"><div class=\"wpr-timeline-content-wrapper\"><div class=\"wpr-content-wrapper\"><div class=\"wpr-title-wrap\"><span class=\"wpr-title\">2014<\/span><\/div><div class=\"wpr-description\"><p><strong>En el a\u00f1o 2014 inician la construcci\u00f3n de la operaci\u00f3n comercio exterior en un \u00e1rea de 2400 metros cuadrados ubicado en Zona Franca Intexzona en la v\u00eda Siberia- Funza,<\/strong> para iniciar operaciones comerciales desde Julio 2015. Hoy la empresa cuenta con 52 clientes y mas de 130 colaboradores.<\/p><\/div><\/div><\/div><\/div>\n\t\t\t\t\t\t<\/div>\n\t\t\t\t<\/article><article class=\"wpr-timeline-entry wpr-right-aligned elementor-repeater-item-2a37755\" data-item-id=\"elementor-repeater-item-2a37755\"><div class=\"wpr-timeline-entry-inner\"><div class=\"wpr-main-line-icon wpr-icon\"><\/div><div class=\"wpr-story-info-vertical wpr-data-wrap\"  data-aos=\"fade\" data-aos-left=\"\" data-aos-right=\"\" data-animation-offset=\"150\" data-animation-duration=\"600\"><div class=\"wpr-timeline-content-wrapper\"><div class=\"wpr-content-wrapper\"><div class=\"wpr-title-wrap\"><span class=\"wpr-title\">2019<\/span><\/div><div class=\"wpr-description\"><p><strong>En el 2019 inicia operaci\u00f3n del centro de distribuci\u00f3n dedicado a operaciones de almacenamiento carga seca en el parque industrial Celta Trade Park<\/strong> y en el 2022, cambia de ubicaci\u00f3n la bodega, con la adecuaci\u00f3n de un nuevo CEDI de alta tecnolog\u00eda con una \u00e1rea 5.700 m2, con \u00e1reas para almacenamiento de cadena de frio (refrigeraci\u00f3n y congelaci\u00f3n) y carga seca, acondicionamiento, recepci\u00f3n y despachos. Alineados con el crecimiento de la organizaci\u00f3n, tambi\u00e9n en el 2022 se inicia operaci\u00f3n en Cartagena en la Zona Franca La Candelaria con 2.175 posiciones de producto, garantizando condiciones de almacenamiento por debajo de los 28\u00b0C.<\/p><\/div><\/div><\/div><\/div>\n\t\t\t\t\t\t<\/div>\n\t\t\t\t<\/article><article class=\"wpr-timeline-entry wpr-right-aligned elementor-repeater-item-f94da51\" data-item-id=\"elementor-repeater-item-f94da51\"><div class=\"wpr-timeline-entry-inner\"><div class=\"wpr-main-line-icon wpr-icon\"><\/div><div class=\"wpr-story-info-vertical wpr-data-wrap\"  data-aos=\"fade\" data-aos-left=\"\" data-aos-right=\"\" data-animation-offset=\"150\" data-animation-duration=\"600\"><div class=\"wpr-timeline-content-wrapper\"><div class=\"wpr-content-wrapper\"><div class=\"wpr-title-wrap\"><span class=\"wpr-title\">2024<\/span><\/div><div class=\"wpr-description\"><p><strong>En el 2024 se consolida el crecimiento de la organizaci\u00f3n con la apertura de un nuevo CEDI en Zona Franca Intexzona<\/strong> \u201cReserva A\u201d con 1190 posiciones la cuales se encuentran totalmente ocupadas.<\/p><\/div><\/div><\/div><\/div>\n\t\t\t\t\t\t<\/div>\n\t\t\t\t<\/article><\/div>    \n\t\t\t<\/div>\t\t\t\t<\/div>\n\t\t\t\t<\/div>\n\t\t\t\t<div class=\"elementor-element elementor-element-fd6dd6c wpr-list-style-none elementor-widget elementor-widget-wpr-posts-timeline\" data-id=\"fd6dd6c\" data-element_type=\"widget\" data-e-type=\"widget\" data-settings=\"{&quot;animation_offset&quot;:150,&quot;aos_animation_duration&quot;:600}\" data-widget_type=\"wpr-posts-timeline.default\">\n\t\t\t\t<div class=\"elementor-widget-container\">\n\t\t\t\t\t\n\t\t<div class=\"wpr-wrapper wpr-vertical wpr-one-sided-wrapper\">\n\t\t\t<div class=\"wpr-timeline-centered wpr-line wpr-one-sided-timeline\"><div class=\"wpr-middle-line\"><\/div><div class=\"wpr-timeline-fill\" data-layout=\"one-sided\"><\/div><article class=\"wpr-timeline-entry wpr-right-aligned elementor-repeater-item-528a050\" data-item-id=\"elementor-repeater-item-528a050\"><div class=\"wpr-timeline-entry-inner\"><div class=\"wpr-main-line-icon wpr-icon\"><\/div><div class=\"wpr-story-info-vertical wpr-data-wrap\"  data-aos=\"fade\" data-aos-left=\"\" data-aos-right=\"\" data-animation-offset=\"150\" data-animation-duration=\"600\"><div class=\"wpr-timeline-content-wrapper\"><div class=\"wpr-content-wrapper\"><div class=\"wpr-title-wrap\"><span class=\"wpr-title\">2025<\/span><\/div><div class=\"wpr-description\"><p><strong>En el 2025 se realiza la apertura de 4 nuevos CEDIS en Zona Franca Intexzona con m\u00e1s de 7.000 posiciones<\/strong> las cuales se encuentran totalmente ocupadas y se realiza la apertura de nuestro CEDI en Medellin con m\u00e1s de 2.000 ubicaciones instaladas.<\/p><\/div><\/div><\/div><\/div>\n\t\t\t\t\t\t<\/div>\n\t\t\t\t<\/article><\/div>    \n\t\t\t<\/div>\t\t\t\t<\/div>\n\t\t\t\t<\/div>\n\t\t\t\t\t<\/div>\n\t\t<\/div>\n\t\t\t\t\t<\/div>\n\t\t<\/section>\n\t\t\t\t<section class=\"elementor-section elementor-top-section elementor-element elementor-element-9f493f4 elementor-section-boxed elementor-section-height-default elementor-section-height-default wpr-particle-no wpr-jarallax-no wpr-parallax-no wpr-sticky-section-no wpr-equal-height-no\" data-id=\"9f493f4\" data-element_type=\"section\" data-e-type=\"section\" data-settings=\"{&quot;background_background&quot;:&quot;classic&quot;}\">\n\t\t\t\t\t\t\t<div class=\"elementor-background-overlay\"><\/div>\n\t\t\t\t\t\t\t<div class=\"elementor-container elementor-column-gap-default\">\n\t\t\t\t\t<div class=\"elementor-column elementor-col-100 elementor-top-column elementor-element elementor-element-5063dfe\" data-id=\"5063dfe\" data-element_type=\"column\" data-e-type=\"column\">\n\t\t\t<div class=\"elementor-widget-wrap elementor-element-populated\">\n\t\t\t\t\t\t<div class=\"elementor-element elementor-element-65bde9a elementor-widget elementor-widget-heading\" data-id=\"65bde9a\" data-element_type=\"widget\" data-e-type=\"widget\" data-widget_type=\"heading.default\">\n\t\t\t\t<div class=\"elementor-widget-container\">\n\t\t\t\t\t<h2 class=\"elementor-heading-title elementor-size-default\">\u00a1Damos vida a una plataforma de Log\u00edstica Inteligente <br>que pone la salud en movimiento!<\/h2>\t\t\t\t<\/div>\n\t\t\t\t<\/div>\n\t\t\t\t\t<\/div>\n\t\t<\/div>\n\t\t\t\t\t<\/div>\n\t\t<\/section>\n\t\t\t\t<\/div>","protected":false},"excerpt":{"rendered":"<p>\u00bfQU\u00cdENES SOMOS? Operador de origen Colombiano Somos un Operador de origen Colombiano, con m\u00e1s de 28 a\u00f1os de experiencia Especialista en sistemas integrales de log\u00edstica nacional e internacional para el sector farmac\u00e9utico, cosm\u00e9tico y afines, enfocados en generar tranquilidad, bienestar y satisfacci\u00f3n a nuestros clientes, fortaleciendo su cadena de valor de forma rentable, responsable, flexible y respetuosa para con la comunidad, el medio ambiente y nuestros colaboradores. Nuestra historia Pharex S.A hace parte de un grupo empresarial creado por el Sr. Henry Suarez Parra (QEPD) y que hoy se encuentra en manos de sus hijos, de este grupo hacen parte las siguientes empresas: Suiphar (representaci\u00f3n y distribuci\u00f3n de laboratorios Farmac\u00e9uticos), Colompack (desarrollo y manufactura de productos farmac\u00e9uticos), Pharex Loginter (comercio exterior, acondicionamiento y almacenamiento de productos farmac\u00e9uticos) y Pharex S.A. 1990 Este grupo empresarial naci\u00f3 en 1990 cuando en Miami (EEUU) se cre\u00f3 Suiphar Group, la cual nace como centro estrat\u00e9gico y financiero para el desarrollo del negocio farmac\u00e9utico en Am\u00e9rica Latina. 1991 A partir de 1991, Suiphar Group inicia la distribuci\u00f3n de los productos Upjohn (ahora Pfizer) en la Rep\u00fablica Dominicana, Bolivia y Uruguay. 1992 a 1997 Durante los a\u00f1os 1992 a 1997, este grupo comienza su expansi\u00f3n en la representaci\u00f3n varios laboratorios farmac\u00e9uticos y distribuci\u00f3n de sus productos en Rep\u00fablica Dominicana, Bolivia, Uruguay y Colombia. 1998 En marzo de 1998 se crea Serphar Ltda, esta fue constituida para prestar los servicios de almacenamiento, distribuci\u00f3n y acondicionamiento farmac\u00e9utico para Pharmacia &amp; Upjhon. Al transcurrir un a\u00f1o la compa\u00f1\u00eda tiene su primer cliente con el fin de prestar el servicio de log\u00edstica integral. 2004 Para el a\u00f1o 2004, la raz\u00f3n social de Serphar Ltda cambia a Pharex Ltda, e inicia la expansi\u00f3n de la compa\u00f1\u00eda traslad\u00e1ndose a bodegas propias de 2300 metros cuadrados; Durante este a\u00f1o se determina especializar la compa\u00f1\u00eda en el mercado Farmac\u00e9utico Humano; En el a\u00f1o 2009 transforma la raz\u00f3n social a Pharex S.A. crecido significativamente en ventas. 2014 En el a\u00f1o 2014 inician la construcci\u00f3n de la operaci\u00f3n comercio exterior en un \u00e1rea de 2400 metros cuadrados ubicado en Zona Franca Intexzona en la v\u00eda Siberia- Funza, para iniciar operaciones comerciales desde Julio 2015. Hoy la empresa cuenta con 52 clientes y mas de 130 colaboradores. 2019 En el 2019 inicia operaci\u00f3n del centro de distribuci\u00f3n dedicado a operaciones de almacenamiento carga seca en el parque industrial Celta Trade Park y en el 2022, cambia de ubicaci\u00f3n la bodega, con la adecuaci\u00f3n de un nuevo CEDI de alta tecnolog\u00eda con una \u00e1rea 5.700 m2, con \u00e1reas para almacenamiento de cadena de frio (refrigeraci\u00f3n y congelaci\u00f3n) y carga seca, acondicionamiento, recepci\u00f3n y despachos. Alineados con el crecimiento de la organizaci\u00f3n, tambi\u00e9n en el 2022 se inicia operaci\u00f3n en Cartagena en la Zona Franca La Candelaria con 2.175 posiciones de producto, garantizando condiciones de almacenamiento por debajo de los 28\u00b0C. 2024 En el 2024 se consolida el crecimiento de la organizaci\u00f3n con la apertura de un nuevo CEDI en Zona Franca Intexzona \u201cReserva A\u201d con 1190 posiciones la cuales se encuentran totalmente ocupadas. 2025 En el 2025 se realiza la apertura de 4 nuevos CEDIS en Zona Franca Intexzona con m\u00e1s de 7.000 posiciones las cuales se encuentran totalmente ocupadas y se realiza la apertura de nuestro CEDI en Medellin con m\u00e1s de 2.000 ubicaciones instaladas. \u00a1Damos vida a una plataforma de Log\u00edstica Inteligente que pone la salud en movimiento!<\/p>","protected":false},"author":10,"featured_media":0,"parent":0,"menu_order":0,"comment_status":"closed","ping_status":"closed","template":"elementor_header_footer","meta":{"footnotes":""},"class_list":["post-6041","page","type-page","status-publish","hentry"],"yoast_head":"<!-- This site is optimized with the Yoast SEO plugin v27.5 - https:\/\/yoast.com\/product\/yoast-seo-wordpress\/ -->\n<title>Nosotros - Pharex<\/title>\n<meta name=\"robots\" content=\"index, follow, max-snippet:-1, max-image-preview:large, max-video-preview:-1\" \/>\n<link rel=\"canonical\" href=\"https:\/\/pharex.co\/en\/nosotros\/\" \/>\n<meta property=\"og:locale\" content=\"en_US\" \/>\n<meta property=\"og:type\" content=\"article\" \/>\n<meta property=\"og:title\" content=\"Nosotros - Pharex\" \/>\n<meta property=\"og:description\" content=\"\u00bfQU\u00cdENES SOMOS? Operador de origen Colombiano Somos un Operador de origen Colombiano, con m\u00e1s de 28 a\u00f1os de experiencia Especialista en sistemas integrales de log\u00edstica nacional e internacional para el sector farmac\u00e9utico, cosm\u00e9tico y afines, enfocados en generar tranquilidad, bienestar y satisfacci\u00f3n a nuestros clientes, fortaleciendo su cadena de valor de forma rentable, responsable, flexible y respetuosa para con la comunidad, el medio ambiente y nuestros colaboradores. Nuestra historia Pharex S.A hace parte de un grupo empresarial creado por el Sr. Henry Suarez Parra (QEPD) y que hoy se encuentra en manos de sus hijos, de este grupo hacen parte las siguientes empresas: Suiphar (representaci\u00f3n y distribuci\u00f3n de laboratorios Farmac\u00e9uticos), Colompack (desarrollo y manufactura de productos farmac\u00e9uticos), Pharex Loginter (comercio exterior, acondicionamiento y almacenamiento de productos farmac\u00e9uticos) y Pharex S.A. 1990 Este grupo empresarial naci\u00f3 en 1990 cuando en Miami (EEUU) se cre\u00f3 Suiphar Group, la cual nace como centro estrat\u00e9gico y financiero para el desarrollo del negocio farmac\u00e9utico en Am\u00e9rica Latina. 1991 A partir de 1991, Suiphar Group inicia la distribuci\u00f3n de los productos Upjohn (ahora Pfizer) en la Rep\u00fablica Dominicana, Bolivia y Uruguay. 1992 a 1997 Durante los a\u00f1os 1992 a 1997, este grupo comienza su expansi\u00f3n en la representaci\u00f3n varios laboratorios farmac\u00e9uticos y distribuci\u00f3n de sus productos en Rep\u00fablica Dominicana, Bolivia, Uruguay y Colombia. 1998 En marzo de 1998 se crea Serphar Ltda, esta fue constituida para prestar los servicios de almacenamiento, distribuci\u00f3n y acondicionamiento farmac\u00e9utico para Pharmacia &amp; Upjhon. Al transcurrir un a\u00f1o la compa\u00f1\u00eda tiene su primer cliente con el fin de prestar el servicio de log\u00edstica integral. 2004 Para el a\u00f1o 2004, la raz\u00f3n social de Serphar Ltda cambia a Pharex Ltda, e inicia la expansi\u00f3n de la compa\u00f1\u00eda traslad\u00e1ndose a bodegas propias de 2300 metros cuadrados; Durante este a\u00f1o se determina especializar la compa\u00f1\u00eda en el mercado Farmac\u00e9utico Humano; En el a\u00f1o 2009 transforma la raz\u00f3n social a Pharex S.A. crecido significativamente en ventas. 2014 En el a\u00f1o 2014 inician la construcci\u00f3n de la operaci\u00f3n comercio exterior en un \u00e1rea de 2400 metros cuadrados ubicado en Zona Franca Intexzona en la v\u00eda Siberia- Funza, para iniciar operaciones comerciales desde Julio 2015. Hoy la empresa cuenta con 52 clientes y mas de 130 colaboradores. 2019 En el 2019 inicia operaci\u00f3n del centro de distribuci\u00f3n dedicado a operaciones de almacenamiento carga seca en el parque industrial Celta Trade Park y en el 2022, cambia de ubicaci\u00f3n la bodega, con la adecuaci\u00f3n de un nuevo CEDI de alta tecnolog\u00eda con una \u00e1rea 5.700 m2, con \u00e1reas para almacenamiento de cadena de frio (refrigeraci\u00f3n y congelaci\u00f3n) y carga seca, acondicionamiento, recepci\u00f3n y despachos. Alineados con el crecimiento de la organizaci\u00f3n, tambi\u00e9n en el 2022 se inicia operaci\u00f3n en Cartagena en la Zona Franca La Candelaria con 2.175 posiciones de producto, garantizando condiciones de almacenamiento por debajo de los 28\u00b0C. 2024 En el 2024 se consolida el crecimiento de la organizaci\u00f3n con la apertura de un nuevo CEDI en Zona Franca Intexzona \u201cReserva A\u201d con 1190 posiciones la cuales se encuentran totalmente ocupadas. 2025 En el 2025 se realiza la apertura de 4 nuevos CEDIS en Zona Franca Intexzona con m\u00e1s de 7.000 posiciones las cuales se encuentran totalmente ocupadas y se realiza la apertura de nuestro CEDI en Medellin con m\u00e1s de 2.000 ubicaciones instaladas. \u00a1Damos vida a una plataforma de Log\u00edstica Inteligente que pone la salud en movimiento!\" \/>\n<meta property=\"og:url\" content=\"https:\/\/pharex.co\/en\/nosotros\/\" \/>\n<meta property=\"og:site_name\" content=\"Pharex\" \/>\n<meta property=\"article:modified_time\" content=\"2026-04-14T04:38:47+00:00\" \/>\n<meta name=\"twitter:card\" content=\"summary_large_image\" \/>\n<meta name=\"twitter:label1\" content=\"Est. reading time\" \/>\n\t<meta name=\"twitter:data1\" content=\"3 minutes\" \/>\n<script type=\"application\/ld+json\" class=\"yoast-schema-graph\">{\"@context\":\"https:\\\/\\\/schema.org\",\"@graph\":[{\"@type\":\"WebPage\",\"@id\":\"https:\\\/\\\/pharex.co\\\/nosotros\\\/\",\"url\":\"https:\\\/\\\/pharex.co\\\/nosotros\\\/\",\"name\":\"Nosotros - Pharex\",\"isPartOf\":{\"@id\":\"https:\\\/\\\/pharex.com.co\\\/#website\"},\"datePublished\":\"2026-02-27T03:48:57+00:00\",\"dateModified\":\"2026-04-14T04:38:47+00:00\",\"breadcrumb\":{\"@id\":\"https:\\\/\\\/pharex.co\\\/nosotros\\\/#breadcrumb\"},\"inLanguage\":\"en-US\",\"potentialAction\":[{\"@type\":\"ReadAction\",\"target\":[\"https:\\\/\\\/pharex.co\\\/nosotros\\\/\"]}]},{\"@type\":\"BreadcrumbList\",\"@id\":\"https:\\\/\\\/pharex.co\\\/nosotros\\\/#breadcrumb\",\"itemListElement\":[{\"@type\":\"ListItem\",\"position\":1,\"name\":\"Home\",\"item\":\"https:\\\/\\\/pharex.co\\\/\"},{\"@type\":\"ListItem\",\"position\":2,\"name\":\"Nosotros\"}]},{\"@type\":\"WebSite\",\"@id\":\"https:\\\/\\\/pharex.com.co\\\/#website\",\"url\":\"https:\\\/\\\/pharex.com.co\\\/\",\"name\":\"Pharex\",\"description\":\"Tu aliado en Log\u00edstica Integral\",\"publisher\":{\"@id\":\"https:\\\/\\\/pharex.com.co\\\/#organization\"},\"potentialAction\":[{\"@type\":\"SearchAction\",\"target\":{\"@type\":\"EntryPoint\",\"urlTemplate\":\"https:\\\/\\\/pharex.com.co\\\/?s={search_term_string}\"},\"query-input\":{\"@type\":\"PropertyValueSpecification\",\"valueRequired\":true,\"valueName\":\"search_term_string\"}}],\"inLanguage\":\"en-US\"},{\"@type\":\"Organization\",\"@id\":\"https:\\\/\\\/pharex.com.co\\\/#organization\",\"name\":\"Pharex S.A.\",\"url\":\"https:\\\/\\\/pharex.com.co\\\/\",\"logo\":{\"@type\":\"ImageObject\",\"inLanguage\":\"en-US\",\"@id\":\"https:\\\/\\\/pharex.com.co\\\/#\\\/schema\\\/logo\\\/image\\\/\",\"url\":\"\\\/wp-content\\\/uploads\\\/2022\\\/01\\\/pharex-logo.webp\",\"contentUrl\":\"\\\/wp-content\\\/uploads\\\/2022\\\/01\\\/pharex-logo.webp\",\"width\":1080,\"height\":1080,\"caption\":\"Pharex S.A.\"},\"image\":{\"@id\":\"https:\\\/\\\/pharex.com.co\\\/#\\\/schema\\\/logo\\\/image\\\/\"},\"sameAs\":[\"https:\\\/\\\/www.linkedin.com\\\/company\\\/pharex\",\"https:\\\/\\\/www.youtube.com\\\/channel\\\/UCWh7EjIZ4dJTSb_UztNy0PA\"]}]}<\/script>\n<!-- \/ Yoast SEO plugin. -->","yoast_head_json":{"title":"About Us - Pharex","robots":{"index":"index","follow":"follow","max-snippet":"max-snippet:-1","max-image-preview":"max-image-preview:large","max-video-preview":"max-video-preview:-1"},"canonical":"https:\/\/pharex.co\/en\/nosotros\/","og_locale":"en_US","og_type":"article","og_title":"Nosotros - Pharex","og_description":"\u00bfQU\u00cdENES SOMOS? Operador de origen Colombiano Somos un Operador de origen Colombiano, con m\u00e1s de 28 a\u00f1os de experiencia Especialista en sistemas integrales de log\u00edstica nacional e internacional para el sector farmac\u00e9utico, cosm\u00e9tico y afines, enfocados en generar tranquilidad, bienestar y satisfacci\u00f3n a nuestros clientes, fortaleciendo su cadena de valor de forma rentable, responsable, flexible y respetuosa para con la comunidad, el medio ambiente y nuestros colaboradores. Nuestra historia Pharex S.A hace parte de un grupo empresarial creado por el Sr. Henry Suarez Parra (QEPD) y que hoy se encuentra en manos de sus hijos, de este grupo hacen parte las siguientes empresas: Suiphar (representaci\u00f3n y distribuci\u00f3n de laboratorios Farmac\u00e9uticos), Colompack (desarrollo y manufactura de productos farmac\u00e9uticos), Pharex Loginter (comercio exterior, acondicionamiento y almacenamiento de productos farmac\u00e9uticos) y Pharex S.A. 1990 Este grupo empresarial naci\u00f3 en 1990 cuando en Miami (EEUU) se cre\u00f3 Suiphar Group, la cual nace como centro estrat\u00e9gico y financiero para el desarrollo del negocio farmac\u00e9utico en Am\u00e9rica Latina. 1991 A partir de 1991, Suiphar Group inicia la distribuci\u00f3n de los productos Upjohn (ahora Pfizer) en la Rep\u00fablica Dominicana, Bolivia y Uruguay. 1992 a 1997 Durante los a\u00f1os 1992 a 1997, este grupo comienza su expansi\u00f3n en la representaci\u00f3n varios laboratorios farmac\u00e9uticos y distribuci\u00f3n de sus productos en Rep\u00fablica Dominicana, Bolivia, Uruguay y Colombia. 1998 En marzo de 1998 se crea Serphar Ltda, esta fue constituida para prestar los servicios de almacenamiento, distribuci\u00f3n y acondicionamiento farmac\u00e9utico para Pharmacia &amp; Upjhon. Al transcurrir un a\u00f1o la compa\u00f1\u00eda tiene su primer cliente con el fin de prestar el servicio de log\u00edstica integral. 2004 Para el a\u00f1o 2004, la raz\u00f3n social de Serphar Ltda cambia a Pharex Ltda, e inicia la expansi\u00f3n de la compa\u00f1\u00eda traslad\u00e1ndose a bodegas propias de 2300 metros cuadrados; Durante este a\u00f1o se determina especializar la compa\u00f1\u00eda en el mercado Farmac\u00e9utico Humano; En el a\u00f1o 2009 transforma la raz\u00f3n social a Pharex S.A. crecido significativamente en ventas. 2014 En el a\u00f1o 2014 inician la construcci\u00f3n de la operaci\u00f3n comercio exterior en un \u00e1rea de 2400 metros cuadrados ubicado en Zona Franca Intexzona en la v\u00eda Siberia- Funza, para iniciar operaciones comerciales desde Julio 2015. Hoy la empresa cuenta con 52 clientes y mas de 130 colaboradores. 2019 En el 2019 inicia operaci\u00f3n del centro de distribuci\u00f3n dedicado a operaciones de almacenamiento carga seca en el parque industrial Celta Trade Park y en el 2022, cambia de ubicaci\u00f3n la bodega, con la adecuaci\u00f3n de un nuevo CEDI de alta tecnolog\u00eda con una \u00e1rea 5.700 m2, con \u00e1reas para almacenamiento de cadena de frio (refrigeraci\u00f3n y congelaci\u00f3n) y carga seca, acondicionamiento, recepci\u00f3n y despachos. Alineados con el crecimiento de la organizaci\u00f3n, tambi\u00e9n en el 2022 se inicia operaci\u00f3n en Cartagena en la Zona Franca La Candelaria con 2.175 posiciones de producto, garantizando condiciones de almacenamiento por debajo de los 28\u00b0C. 2024 En el 2024 se consolida el crecimiento de la organizaci\u00f3n con la apertura de un nuevo CEDI en Zona Franca Intexzona \u201cReserva A\u201d con 1190 posiciones la cuales se encuentran totalmente ocupadas. 2025 En el 2025 se realiza la apertura de 4 nuevos CEDIS en Zona Franca Intexzona con m\u00e1s de 7.000 posiciones las cuales se encuentran totalmente ocupadas y se realiza la apertura de nuestro CEDI en Medellin con m\u00e1s de 2.000 ubicaciones instaladas. \u00a1Damos vida a una plataforma de Log\u00edstica Inteligente que pone la salud en movimiento!","og_url":"https:\/\/pharex.co\/en\/nosotros\/","og_site_name":"Pharex","article_modified_time":"2026-04-14T04:38:47+00:00","twitter_card":"summary_large_image","twitter_misc":{"Est. reading time":"3 minutes"},"schema":{"@context":"https:\/\/schema.org","@graph":[{"@type":"WebPage","@id":"https:\/\/pharex.co\/nosotros\/","url":"https:\/\/pharex.co\/nosotros\/","name":"About Us - Pharex","isPartOf":{"@id":"https:\/\/pharex.com.co\/#website"},"datePublished":"2026-02-27T03:48:57+00:00","dateModified":"2026-04-14T04:38:47+00:00","breadcrumb":{"@id":"https:\/\/pharex.co\/nosotros\/#breadcrumb"},"inLanguage":"en-US","potentialAction":[{"@type":"ReadAction","target":["https:\/\/pharex.co\/nosotros\/"]}]},{"@type":"BreadcrumbList","@id":"https:\/\/pharex.co\/nosotros\/#breadcrumb","itemListElement":[{"@type":"ListItem","position":1,"name":"Home","item":"https:\/\/pharex.co\/"},{"@type":"ListItem","position":2,"name":"Nosotros"}]},{"@type":"WebSite","@id":"https:\/\/pharex.com.co\/#website","url":"https:\/\/pharex.com.co\/","name":"Pharex","description":"Tu aliado en Log\u00edstica Integral","publisher":{"@id":"https:\/\/pharex.com.co\/#organization"},"potentialAction":[{"@type":"SearchAction","target":{"@type":"EntryPoint","urlTemplate":"https:\/\/pharex.com.co\/?s={search_term_string}"},"query-input":{"@type":"PropertyValueSpecification","valueRequired":true,"valueName":"search_term_string"}}],"inLanguage":"en-US"},{"@type":"Organization","@id":"https:\/\/pharex.com.co\/#organization","name":"Pharex S.A.","url":"https:\/\/pharex.com.co\/","logo":{"@type":"ImageObject","inLanguage":"en-US","@id":"https:\/\/pharex.com.co\/#\/schema\/logo\/image\/","url":"\/wp-content\/uploads\/2022\/01\/pharex-logo.webp","contentUrl":"\/wp-content\/uploads\/2022\/01\/pharex-logo.webp","width":1080,"height":1080,"caption":"Pharex S.A."},"image":{"@id":"https:\/\/pharex.com.co\/#\/schema\/logo\/image\/"},"sameAs":["https:\/\/www.linkedin.com\/company\/pharex","https:\/\/www.youtube.com\/channel\/UCWh7EjIZ4dJTSb_UztNy0PA"]}]}},"_links":{"self":[{"href":"https:\/\/pharex.co\/en\/wp-json\/wp\/v2\/pages\/6041","targetHints":{"allow":["GET"]}}],"collection":[{"href":"https:\/\/pharex.co\/en\/wp-json\/wp\/v2\/pages"}],"about":[{"href":"https:\/\/pharex.co\/en\/wp-json\/wp\/v2\/types\/page"}],"author":[{"embeddable":true,"href":"https:\/\/pharex.co\/en\/wp-json\/wp\/v2\/users\/10"}],"replies":[{"embeddable":true,"href":"https:\/\/pharex.co\/en\/wp-json\/wp\/v2\/comments?post=6041"}],"version-history":[{"count":40,"href":"https:\/\/pharex.co\/en\/wp-json\/wp\/v2\/pages\/6041\/revisions"}],"predecessor-version":[{"id":6318,"href":"https:\/\/pharex.co\/en\/wp-json\/wp\/v2\/pages\/6041\/revisions\/6318"}],"wp:attachment":[{"href":"https:\/\/pharex.co\/en\/wp-json\/wp\/v2\/media?parent=6041"}],"curies":[{"name":"wp","href":"https:\/\/api.w.org\/{rel}","templated":true}]}}